{"id":4191,"date":"2022-07-26T19:06:28","date_gmt":"2022-07-26T19:06:28","guid":{"rendered":"https:\/\/cllcenter.com\/etudes-de-cas-par-conditions\/"},"modified":"2023-02-02T16:00:34","modified_gmt":"2023-02-02T16:00:34","slug":"etudes-de-cas-par-conditions","status":"publish","type":"page","link":"https:\/\/cllcenter.com\/fr\/etudes-de-cas-par-conditions\/","title":{"rendered":"\u00c9tudes de cas par conditions"},"content":{"rendered":"<p>[vc_row css_animation=\u00a0\u00bb\u00a0\u00bb row_type=\u00a0\u00bbrow\u00a0\u00bb use_row_as_full_screen_section=\u00a0\u00bbno\u00a0\u00bb type=\u00a0\u00bbgrid\u00a0\u00bb angled_section=\u00a0\u00bbno\u00a0\u00bb text_align=\u00a0\u00bbleft\u00a0\u00bb background_image_as_pattern=\u00a0\u00bbwithout_pattern\u00a0\u00bb z_index=\u00a0\u00bb\u00a0\u00bb el_id=\u00a0\u00bbcaselist\u00a0\u00bb][vc_column][vc_column_text]<\/p>\n<h2>ETUDE DE CAS<\/h2>\n<p>Faites l&rsquo;exp\u00e9rience de l&rsquo;allongement des membres et de la correction de difformit\u00e9s gr\u00e2ce aux \u00e9tudes de cas de nos patients.<br \/>\nD\u00e9couvrez les conditions, les diagnostics, les plans de traitement et les r\u00e9sultats qui ont chang\u00e9 la vie des patients du CLLC.\n<\/p>\n<h3>CONSULTEZ NOS \u00c9TUDES DE CAS PAR CONDITIONS TRAIT\u00c9ES:<\/h3>\n<p>[\/vc_column_text]<div class=\"filter\"><button data-filter=\"bowing-anterolaterale-du-tibia\">?????? ant\u00e9rolat\u00e9rale du tibia<\/button><button data-filter=\"allongement-de-la-stature\">Allongement de la stature<\/button><button data-filter=\"ankylose-du-genou\">Ankylose du genou<\/button><button data-filter=\"arthrose-de-la-cheville\">Arthrose de la cheville<\/button><button data-filter=\"autres-difformite-et-inegalite-dans-la-longueurs-des-membres-ilm\">Autres difformit\u00e9 et in\u00e9galit\u00e9 dans la longueurs des membres\u00a0(ILM)<\/button><button data-filter=\"brachymetatarsia-fr\">Brachymetatarsie<\/button><button data-filter=\"conflit-femoro-acetabulaire-cfa\">Conflit f\u00e9moro-ac\u00e9tabulaire (CFA)<\/button><button data-filter=\"defaut-osseux\">D\u00e9faut osseux<\/button><button data-filter=\"difformite-acquise\">Difformit\u00e9 acquise<\/button><button data-filter=\"difformite-congenitale-dun-membre\">Difformit\u00e9 cong\u00e9nitale d&#039;un membre<\/button><button data-filter=\"difformite-dhallux-valgus-oignons\">Difformit\u00e9 d&#039;hallux valgus (oignons)<\/button><button data-filter=\"difformite-de-larriere-pied-et-arthrose\">Difformit\u00e9 de l\u2019arri\u00e8re-pied et arthrose<\/button><button data-filter=\"difformite-de-larriere-pied\">Difformit\u00e9 de l&#039;arri\u00e8re\u00a0pied<\/button><button data-filter=\"difformite-post-perthes\">Difformit\u00e9 post-Perthes<\/button><button data-filter=\"dysphorie-de-la-taille\">Dysphorie de la taille<\/button><button data-filter=\"dysplasies-squelettiques\">Dysplasies squelettiques<\/button><button data-filter=\"scfe-fr\">\u00c9piphysiolyse f\u00e9morale\u00a0sup\u00e9rieure (EFS) ou glissement \u00e9piphysaire de la hanche<\/button><button data-filter=\"genu-valgum-fr\">Genu valgum<\/button><button data-filter=\"genu-varum-fr\">Genu varum<\/button><button data-filter=\"inegalite-dans-la-longueur-des-membres\">In\u00e9galit\u00e9 dans la longueur des membres<\/button><button data-filter=\"maladie-de-perthes\">Maladie de Perthes<\/button><button data-filter=\"malunions\">Malunions<\/button><button data-filter=\"non-union-et-non-unions-infectees\">Non-union et non-unions infect\u00e9es<\/button><button data-filter=\"osteomyelite\">Ost\u00e9omy\u00e9lite<\/button><button data-filter=\"pied-de-charcot\">Pied de Charcot<\/button><select class=\"show-sm\" id=\"filtering\"><option value=\"\">Choose condition<\/option><option value=\".bowing-anterolaterale-du-tibia\">?????? ant\u00e9rolat\u00e9rale du tibia<\/option><option value=\".allongement-de-la-stature\">Allongement de la stature<\/option><option value=\".ankylose-du-genou\">Ankylose du genou<\/option><option value=\".arthrose-de-la-cheville\">Arthrose de la cheville<\/option><option value=\".autres-difformite-et-inegalite-dans-la-longueurs-des-membres-ilm\">Autres difformit\u00e9 et in\u00e9galit\u00e9 dans la longueurs des membres\u00a0(ILM)<\/option><option value=\".brachymetatarsia-fr\">Brachymetatarsie<\/option><option value=\".conflit-femoro-acetabulaire-cfa\">Conflit f\u00e9moro-ac\u00e9tabulaire (CFA)<\/option><option value=\".defaut-osseux\">D\u00e9faut osseux<\/option><option value=\".difformite-acquise\">Difformit\u00e9 acquise<\/option><option value=\".difformite-congenitale-dun-membre\">Difformit\u00e9 cong\u00e9nitale d&#039;un membre<\/option><option value=\".difformite-dhallux-valgus-oignons\">Difformit\u00e9 d&#039;hallux valgus (oignons)<\/option><option value=\".difformite-de-larriere-pied-et-arthrose\">Difformit\u00e9 de l\u2019arri\u00e8re-pied et arthrose<\/option><option value=\".difformite-de-larriere-pied\">Difformit\u00e9 de l&#039;arri\u00e8re\u00a0pied<\/option><option value=\".difformite-post-perthes\">Difformit\u00e9 post-Perthes<\/option><option value=\".dysphorie-de-la-taille\">Dysphorie de la taille<\/option><option value=\".dysplasies-squelettiques\">Dysplasies squelettiques<\/option><option value=\".scfe-fr\">\u00c9piphysiolyse f\u00e9morale\u00a0sup\u00e9rieure (EFS) ou glissement \u00e9piphysaire de la hanche<\/option><option value=\".genu-valgum-fr\">Genu valgum<\/option><option value=\".genu-varum-fr\">Genu varum<\/option><option value=\".inegalite-dans-la-longueur-des-membres\">In\u00e9galit\u00e9 dans la longueur des membres<\/option><option value=\".maladie-de-perthes\">Maladie de Perthes<\/option><option value=\".malunions\">Malunions<\/option><option value=\".non-union-et-non-unions-infectees\">Non-union et non-unions infect\u00e9es<\/option><option value=\".osteomyelite\">Ost\u00e9omy\u00e9lite<\/option><option value=\".pied-de-charcot\">Pied de Charcot<\/option><\/select><\/div><div class=\"case-list\"><figure class=\"case inegalite-dans-la-longueur-des-membres\"><div class=\"img-wrap\"><a href=\"https:\/\/cllcenter.com\/fr\/case\/homme-de-58-ans-avec-un-grand-inegalite-des-membres-a-la-hanche-et-le-femur-a-gauche\/\"><img decoding=\"async\" src=\"https:\/\/cllcenter.com\/wp-content\/uploads\/2022\/08\/58-year-old-man.jpg\"><\/a><\/div><figcaption>Homme de 58 ans avec un grand in\u00e9galit\u00e9 des membres \u00e0 la hanche et le f\u00e9mur, \u00e0 gauche<\/figcaption><\/figure><figure class=\"case inegalite-dans-la-longueur-des-membres\"><div class=\"img-wrap\"><a href=\"https:\/\/cllcenter.com\/fr\/case\/fille-de-11-ans-atteinte-de-lld\/\"><img decoding=\"async\" src=\"https:\/\/cllcenter.com\/wp-content\/uploads\/2022\/07\/thummmm.jpg\"><\/a><\/div><figcaption>Fille de 11 ans atteinte de LLD<\/figcaption><\/figure><figure class=\"case dysplasies-squelettiques genu-varum-fr\"><div class=\"img-wrap\"><a href=\"https:\/\/cllcenter.com\/fr\/case\/fille-de-13-ans-souffrant-de-rachitisme-probleme-osseux-sous-jacent\/\"><img decoding=\"async\" src=\"https:\/\/cllcenter.com\/wp-content\/uploads\/2022\/07\/case-01.jpg\"><\/a><\/div><figcaption>Fille de 13 ans souffrant de rachitisme (probl\u00e8me osseux sous-jacent)<\/figcaption><\/figure><figure class=\"case genu-valgum-fr\"><div class=\"img-wrap\"><a href=\"https:\/\/cllcenter.com\/fr\/case\/femme-de-35-ans-avec-une-difformite-de-la-jambe-genou-cagneux\/\"><img decoding=\"async\" src=\"https:\/\/cllcenter.com\/wp-content\/uploads\/2022\/07\/case-02.jpg\"><\/a><\/div><figcaption>Femme de 35 ans avec une difformit\u00e9 de la jambe (genou cagneux)<\/figcaption><\/figure><figure class=\"case dysplasies-squelettiques genu-varum-fr\"><div class=\"img-wrap\"><a href=\"https:\/\/cllcenter.com\/fr\/case\/fille-de-17-ans-atteinte-de-rachitisme\/\"><img decoding=\"async\" src=\"https:\/\/cllcenter.com\/wp-content\/uploads\/2022\/07\/slide-44-1.jpg\"><\/a><\/div><figcaption>Fille de 17 ans atteinte de rachitisme<\/figcaption><\/figure><figure class=\"case autres-difformite-et-inegalite-dans-la-longueurs-des-membres-ilm difformite-congenitale-dun-membre\"><div class=\"img-wrap\"><a href=\"https:\/\/cllcenter.com\/fr\/case\/homme-de-19-ans-avec-fusion-congenitale-du-genou\/\"><img decoding=\"async\" src=\"https:\/\/cllcenter.com\/wp-content\/uploads\/2022\/07\/19-year.jpg\"><\/a><\/div><figcaption>Homme de 19 ans avec fusion cong\u00e9nitale du genou<\/figcaption><\/figure><figure class=\"case arthrose-de-la-cheville malunions\"><div class=\"img-wrap\"><a href=\"https:\/\/cllcenter.com\/fr\/case\/femme-de-plus-de-30-ans-presentant-une-douleur-a-la-cheville-due-a-une-fracture-mal-guerie\/\"><img decoding=\"async\" src=\"https:\/\/cllcenter.com\/wp-content\/uploads\/2022\/07\/image-00034.jpg\"><\/a><\/div><figcaption>Femme de plus de 30 ans pr\u00e9sentant une douleur \u00e0 la cheville due \u00e0 une fracture mal gu\u00e9rie<\/figcaption><\/figure><figure class=\"case pied-de-charcot\"><div class=\"img-wrap\"><a href=\"https:\/\/cllcenter.com\/fr\/case\/femme-de-76-ans-avec-fracture-de-la-cheville\/\"><img decoding=\"async\" src=\"https:\/\/cllcenter.com\/wp-content\/uploads\/2022\/07\/76-year-old-lady.jpg\"><\/a><\/div><figcaption>Femme de 76 ans avec fracture de la cheville<\/figcaption><\/figure><figure class=\"case maladie-de-perthes\"><div class=\"img-wrap\"><a href=\"https:\/\/cllcenter.com\/fr\/case\/fille-de-10-ans-atteinte-de-la-maladie-de-perthes\/\"><img decoding=\"async\" src=\"https:\/\/cllcenter.com\/wp-content\/uploads\/2022\/07\/image-case.jpg\"><\/a><\/div><figcaption>Fille de 10 ans atteinte de la maladie de Perthes<\/figcaption><\/figure><figure class=\"case osteomyelite\"><div class=\"img-wrap\"><a href=\"https:\/\/cllcenter.com\/fr\/case\/homme-de-46-ans-avec-osteomyelite-du-tibia-droit\/\"><img decoding=\"async\" src=\"https:\/\/cllcenter.com\/wp-content\/uploads\/2022\/07\/before-after-222.jpg\"><\/a><\/div><figcaption>Homme de 46 ans avec ost\u00e9omy\u00e9lite du tibia droit<\/figcaption><\/figure><figure class=\"case non-union-et-non-unions-infectees\"><div class=\"img-wrap\"><a href=\"https:\/\/cllcenter.com\/fr\/case\/homme-de-50-ans-avec-une-fracture-du-tibia\/\"><img decoding=\"async\" src=\"https:\/\/cllcenter.com\/wp-content\/uploads\/2022\/07\/bnntrrssppt.jpg\"><\/a><\/div><figcaption>Homme de 50 ans avec une fracture du tibia<\/figcaption><\/figure><figure class=\"case difformite-de-larriere-pied-et-arthrose inegalite-dans-la-longueur-des-membres malunions\"><div class=\"img-wrap\"><a href=\"https:\/\/cllcenter.com\/fr\/case\/femme-de-35-ans-avec-une-pseudarthrose-de-la-cheville\/\"><img decoding=\"async\" src=\"https:\/\/cllcenter.com\/wp-content\/uploads\/2022\/07\/case-27.jpg\"><\/a><\/div><figcaption>Femme de 35 ans avec une pseudarthrose de la cheville<\/figcaption><\/figure><figure class=\"case defaut-osseux\"><div class=\"img-wrap\"><a href=\"https:\/\/cllcenter.com\/fr\/case\/jeune-homme-de-18-ans-avec-fracture-ouverte-et-perte-de-substance-osseuse\/\"><img decoding=\"async\" src=\"https:\/\/cllcenter.com\/wp-content\/uploads\/2022\/07\/8-year-old-young-man.jpg\"><\/a><\/div><figcaption>Jeune homme de 18 ans avec fracture ouverte et perte de substance osseuse<\/figcaption><\/figure><figure class=\"case brachymetatarsia-fr\"><div class=\"img-wrap\"><a href=\"https:\/\/cllcenter.com\/fr\/case\/jeune-fille-de-22-ans-avec-brachymetatarse-au-pied-droit\/\"><img decoding=\"async\" src=\"https:\/\/cllcenter.com\/wp-content\/uploads\/2022\/07\/p0032.jpg\"><\/a><\/div><figcaption>Jeune fille de 22 ans avec brachym\u00e9tatarse au pied droit<\/figcaption><\/figure><figure class=\"case brachymetatarsia-fr\"><div class=\"img-wrap\"><a href=\"https:\/\/cllcenter.com\/fr\/case\/jeune-fille-de-26-ans-avec-brachymetatarse\/\"><img decoding=\"async\" src=\"https:\/\/cllcenter.com\/wp-content\/uploads\/2022\/07\/Slide-33.jpg\"><\/a><\/div><figcaption>Jeune fille de 26 ans avec brachym\u00e9tatarse<\/figcaption><\/figure><figure class=\"case difformite-acquise pied-de-charcot\"><div class=\"img-wrap\"><a href=\"https:\/\/cllcenter.com\/fr\/case\/homme-de-46-ans-presentant-une-difformite-du-pied-et-de-la-cheville-avec-charcot\/\"><img decoding=\"async\" src=\"https:\/\/cllcenter.com\/wp-content\/uploads\/2022\/07\/image-093-450.jpg\"><\/a><\/div><figcaption>Homme de 46 ans pr\u00e9sentant une difformit\u00e9 du pied et de la cheville avec charcot<\/figcaption><\/figure><figure class=\"case genu-valgum-fr\"><div class=\"img-wrap\"><a href=\"https:\/\/cllcenter.com\/fr\/case\/fille-de-11-ans-avec-genu-valgum\/\"><img decoding=\"async\" src=\"https:\/\/cllcenter.com\/wp-content\/uploads\/2022\/07\/slide-461-1.jpg\"><\/a><\/div><figcaption>Fille de 11 ans avec Genu valgum<\/figcaption><\/figure><figure class=\"case difformite-acquise inegalite-dans-la-longueur-des-membres\"><div class=\"img-wrap\"><a href=\"https:\/\/cllcenter.com\/fr\/case\/homme-de-28-ans-presentant-un-arret-de-croissance-de-los\/\"><img decoding=\"async\" src=\"https:\/\/cllcenter.com\/wp-content\/uploads\/2022\/07\/1case-100.jpg\"><\/a><\/div><figcaption>Homme de 28 ans pr\u00e9sentant un arr\u00eat de croissance de l&rsquo;os<\/figcaption><\/figure><figure class=\"case difformite-acquise\"><div class=\"img-wrap\"><a href=\"https:\/\/cllcenter.com\/fr\/case\/femme-de-49-ans-avec-une-difformite-du-genou\/\"><img decoding=\"async\" src=\"https:\/\/cllcenter.com\/wp-content\/uploads\/2022\/07\/image1119.jpg\"><\/a><\/div><figcaption>Femme de 49 ans avec une difformit\u00e9 du genou<\/figcaption><\/figure><figure class=\"case inegalite-dans-la-longueur-des-membres\"><div class=\"img-wrap\"><a href=\"https:\/\/cllcenter.com\/fr\/case\/fille-de-13-ans-avec-une-inegalite-des-membres-cause-par-une-infection\/\"><img decoding=\"async\" src=\"https:\/\/cllcenter.com\/wp-content\/uploads\/2022\/07\/image12234.jpg\"><\/a><\/div><figcaption>Fille de 13 ans avec une in\u00e9galit\u00e9 des membres caus\u00e9 par une infection<\/figcaption><\/figure><figure class=\"case dysplasies-squelettiques\"><div class=\"img-wrap\"><a href=\"https:\/\/cllcenter.com\/fr\/case\/garcon-de-10-ans-atteint-dachondroplasie\/\"><img decoding=\"async\" src=\"https:\/\/cllcenter.com\/wp-content\/uploads\/2022\/07\/case-1003.jpg\"><\/a><\/div><figcaption>Gar\u00e7on de 10 ans atteint d&rsquo;achondroplasie<\/figcaption><\/figure><figure class=\"case conflit-femoro-acetabulaire-cfa\"><div class=\"img-wrap\"><a href=\"https:\/\/cllcenter.com\/fr\/case\/joueur-de-hockey-de-15-ans-souffrant-dune-douleur-a-la-hanche-droite-et-dun-fai-avec\/\"><img decoding=\"async\" src=\"https:\/\/cllcenter.com\/wp-content\/uploads\/2022\/07\/image-130-1.jpg\"><\/a><\/div><figcaption>Joueur de hockey de 15 ans souffrant d&rsquo;une douleur \u00e0 la hanche droite et d\u2019un conflit f\u00e9moro-ac\u00e9tabulaire avec CAM<\/figcaption><\/figure><figure class=\"case scfe-fr\"><div class=\"img-wrap\"><a href=\"https:\/\/cllcenter.com\/fr\/case\/garcon-de-14-ans-avec-une-douleur-a-la-hanche-droite\/\"><img decoding=\"async\" src=\"https:\/\/cllcenter.com\/wp-content\/uploads\/2022\/07\/image-144-thumb.jpg\"><\/a><\/div><figcaption>Gar\u00e7on de 14 ans avec une douleur \u00e0 la hanche droite<\/figcaption><\/figure><figure class=\"case scfe-fr\"><div class=\"img-wrap\"><a href=\"https:\/\/cllcenter.com\/fr\/case\/garcon-de-12-ans-avec-un-scfe-de-la-hanche-droite\/\"><img decoding=\"async\" src=\"https:\/\/cllcenter.com\/wp-content\/uploads\/2022\/07\/image-148-pat.jpg\"><\/a><\/div><figcaption>Gar\u00e7on de 12 ans avec un SCFE de la hanche droite<\/figcaption><\/figure><figure class=\"case ankylose-du-genou\"><div class=\"img-wrap\"><a href=\"https:\/\/cllcenter.com\/fr\/case\/fille-de-5-ans-avec-luxation-habituelle-du-genou\/\"><img decoding=\"async\" src=\"https:\/\/cllcenter.com\/wp-content\/uploads\/2022\/07\/image-152pat.jpg\"><\/a><\/div><figcaption>Fille de 5 ans avec luxation habituelle du genou<\/figcaption><\/figure><figure class=\"case ankylose-du-genou\"><div class=\"img-wrap\"><a href=\"https:\/\/cllcenter.com\/fr\/case\/homme-de-28-ans-avec-un-gros-traumatisme-au-genou\/\"><img decoding=\"async\" src=\"https:\/\/cllcenter.com\/wp-content\/uploads\/2022\/07\/media4pat.jpg\"><\/a><\/div><figcaption>Homme de 28 ans avec un gros traumatisme au genou<\/figcaption><\/figure><figure class=\"case ankylose-du-genou\"><div class=\"img-wrap\"><a href=\"https:\/\/cllcenter.com\/fr\/case\/homme-de-48-ans-avec-ankylose-du-genou\/\"><img decoding=\"async\" src=\"https:\/\/cllcenter.com\/wp-content\/uploads\/2022\/07\/media6.jpg\"><\/a><\/div><figcaption>Homme de 48 ans avec ankylose du genou<\/figcaption><\/figure><figure class=\"case difformite-post-perthes\"><div class=\"img-wrap\"><a href=\"https:\/\/cllcenter.com\/fr\/case\/garcon-de-16-ans-avec-une-difformite-de-post-perthes\/\"><img decoding=\"async\" src=\"https:\/\/cllcenter.com\/wp-content\/uploads\/2022\/08\/image-167-th.jpg\"><\/a><\/div><figcaption>Gar\u00e7on de 16 ans avec une difformit\u00e9 de Post- Perthes<\/figcaption><\/figure><figure class=\"case difformite-dhallux-valgus-oignons\"><div class=\"img-wrap\"><a href=\"https:\/\/cllcenter.com\/fr\/case\/femme-de-39-ans-avec-hallux-valgus-bilateral-oignons\/\"><img decoding=\"async\" src=\"https:\/\/cllcenter.com\/wp-content\/uploads\/2022\/08\/29-case.jpg\"><\/a><\/div><figcaption>Femme de 39 ans avec Hallux valgus bilateral (oignons)<\/figcaption><\/figure><figure class=\"case difformite-dhallux-valgus-oignons\"><div class=\"img-wrap\"><a href=\"https:\/\/cllcenter.com\/fr\/case\/femme-de-60-ans-avec-oignons-hallux-valgus\/\"><img decoding=\"async\" src=\"https:\/\/cllcenter.com\/wp-content\/uploads\/2022\/08\/image-1799.jpg\"><\/a><\/div><figcaption>Femme de 60 ans avec oignons hallux valgus<\/figcaption><\/figure><figure class=\"case bowing-anterolaterale-du-tibia\"><div class=\"img-wrap\"><a href=\"https:\/\/cllcenter.com\/fr\/case\/fille-de-7-ans-avec-cpt\/\"><img decoding=\"async\" src=\"https:\/\/cllcenter.com\/wp-content\/uploads\/2022\/08\/7-year-old-girl.jpg\"><\/a><\/div><figcaption>Fille de 7 ans avec CPT<\/figcaption><\/figure><figure class=\"case difformite-de-larriere-pied\"><div class=\"img-wrap\"><a href=\"https:\/\/cllcenter.com\/fr\/case\/bebe-garcon-de-2-semaines-avec-des-pieds-bots-bilateraux\/\"><img decoding=\"async\" src=\"https:\/\/cllcenter.com\/wp-content\/uploads\/2022\/08\/image-1877.jpg\"><\/a><\/div><figcaption>B\u00e9b\u00e9 gar\u00e7on de 2 semaines avec des pieds bots bilat\u00e9raux<\/figcaption><\/figure><figure class=\"case difformite-congenitale-dun-membre inegalite-dans-la-longueur-des-membres\"><div class=\"img-wrap\"><a href=\"https:\/\/cllcenter.com\/fr\/case\/fille-de-2-%c2%bd-ans-avec-une-super-hanche\/\"><img decoding=\"async\" src=\"https:\/\/cllcenter.com\/wp-content\/uploads\/2022\/08\/2-05.jpg\"><\/a><\/div><figcaption>Fille de 2 \u00bd ans avec une super hanche<\/figcaption><\/figure><figure class=\"case allongement-de-la-stature dysphorie-de-la-taille\"><div class=\"img-wrap\"><a href=\"https:\/\/cllcenter.com\/fr\/case\/homme-de-22-ans\/\"><img decoding=\"async\" src=\"https:\/\/cllcenter.com\/wp-content\/uploads\/2022\/07\/image-195.jpg\"><\/a><\/div><figcaption>Homme de 22 ans<\/figcaption><\/figure><figure class=\"case conflit-femoro-acetabulaire-cfa\"><div class=\"img-wrap\"><a href=\"https:\/\/cllcenter.com\/fr\/case\/patient-souffrant-de-douleurs-a-la-hanche\/\"><img decoding=\"async\" src=\"https:\/\/cllcenter.com\/wp-content\/uploads\/2022\/08\/image-1477.jpg\"><\/a><\/div><figcaption>Patient souffrant de douleurs \u00e0 la hanche<\/figcaption><\/figure><figure class=\"case difformite-congenitale-dun-membre inegalite-dans-la-longueur-des-membres\"><div class=\"img-wrap\"><a href=\"https:\/\/cllcenter.com\/fr\/case\/homme-de-29-ans-avec-hemimelie-fibulaire-et-lld-sur-le-tibia-droit\/\"><img decoding=\"async\" src=\"https:\/\/cllcenter.com\/wp-content\/uploads\/2022\/08\/image291.jpg\"><\/a><\/div><figcaption>Homme de 29 ans avec h\u00e9mim\u00e9lie fibulaire et in\u00e9galit\u00e9 de longueur\u00a0des membres de la jambe droite<\/figcaption><\/figure><figure class=\"case genu-valgum-fr inegalite-dans-la-longueur-des-membres\"><div class=\"img-wrap\"><a href=\"https:\/\/cllcenter.com\/fr\/case\/femme-de-34-ans-avec-valgus-du-femur-gauche-et-lld-de-la-jambe-gauche\/\"><img decoding=\"async\" src=\"https:\/\/cllcenter.com\/wp-content\/uploads\/2022\/08\/image444444.jpg\"><\/a><\/div><figcaption>Femme de 34 ans avec valgus du f\u00e9mur gauche et LLD de la jambe gauche<\/figcaption><\/figure><figure class=\"case difformite-de-larriere-pied-et-arthrose\"><div class=\"img-wrap\"><a href=\"https:\/\/cllcenter.com\/fr\/case\/homme-de-70-ans-souffrant-de-douleurs-pendant-du-tennis-et-dautres-activites\/\"><img decoding=\"async\" src=\"https:\/\/cllcenter.com\/wp-content\/uploads\/2022\/10\/334.jpg\"><\/a><\/div><figcaption>Homme de 70 ans souffrant de douleurs pendant du tennis et d&rsquo;autres activit\u00e9s<\/figcaption><\/figure><\/div>[\/vc_column][\/vc_row][vc_row css_animation=\u00a0\u00bb\u00a0\u00bb row_type=\u00a0\u00bbrow\u00a0\u00bb use_row_as_full_screen_section=\u00a0\u00bbno\u00a0\u00bb type=\u00a0\u00bbfull_width\u00a0\u00bb angled_section=\u00a0\u00bbno\u00a0\u00bb text_align=\u00a0\u00bbleft\u00a0\u00bb background_image_as_pattern=\u00a0\u00bbwithout_pattern\u00a0\u00bb el_class=\u00a0\u00bbglobal\u00a0\u00bb z_index=\u00a0\u00bb\u00a0\u00bb][vc_column][vc_row css_animation=\"\" row_type=\"row\" use_row_as_full_screen_section=\"no\" type=\"grid\" angled_section=\"no\" text_align=\"left\" background_image_as_pattern=\"without_pattern\" el_id=\"candida\" z_index=\"\"][vc_column][vc_column_text]\r\n<h2>SUIS-JE UN CANDIDAT ?<\/h2>\r\n<h3>Vous souffrez d'un probl\u00e8me orthop\u00e9dique et vous aimeriez am\u00e9liorer vos capacit\u00e9s physiques ?<\/h3>\r\n<h3>Ou Vous souhaitez simplement r\u00e9aliser votre r\u00eave d\u2019augmenter votre taille ?<\/h3>\r\nLaissez-nous vous aider \u00e0 am\u00e9liorer votre sant\u00e9 et votre bien-\u00eatre dans un cadre professionnel.\r\n\r\nCommen\u00e7ons une discussion pour vous aider \u00e0 atteindre vos objectifs.[\/vc_column_text]<div style=\"text-align:center\"><a href=\"https:\/\/cllcenter.com\/fr\/reserver-une-consultation\/\" class=\"button button--mimas \" target=\"_self\"><div class=\"btn__bg\"><\/div><span>PLANIFIEZ UNE VISITE<\/span><\/a><\/div>[\/vc_column][\/vc_row][\/vc_column][\/vc_row]<\/p>\n","protected":false},"excerpt":{"rendered":"<p>[vc_row css_animation=\u00a0\u00bb\u00a0\u00bb row_type=\u00a0\u00bbrow\u00a0\u00bb use_row_as_full_screen_section=\u00a0\u00bbno\u00a0\u00bb type=\u00a0\u00bbgrid\u00a0\u00bb angled_section=\u00a0\u00bbno\u00a0\u00bb text_align=\u00a0\u00bbleft\u00a0\u00bb background_image_as_pattern=\u00a0\u00bbwithout_pattern\u00a0\u00bb z_index=\u00a0\u00bb\u00a0\u00bb el_id=\u00a0\u00bbcaselist\u00a0\u00bb][vc_column][vc_column_text] ETUDE DE CAS Faites l&rsquo;exp\u00e9rience de l&rsquo;allongement des membres et de la correction de difformit\u00e9s gr\u00e2ce aux \u00e9tudes de cas de nos patients. D\u00e9couvrez les conditions, les diagnostics, les plans de traitement et les r\u00e9sultats&#8230;<\/p>\n","protected":false},"author":1,"featured_media":0,"parent":0,"menu_order":0,"comment_status":"closed","ping_status":"closed","template":"full_width.php","meta":{"footnotes":""},"class_list":["post-4191","page","type-page","status-publish","hentry"],"yoast_head":"<!-- This site is optimized with the Yoast SEO plugin v26.2 - https:\/\/yoast.com\/wordpress\/plugins\/seo\/ -->\n<title>\u00c9tudes de cas par conditions | CLLC Montr\u00e9al, Dre Marie Gdalevitch<\/title>\n<meta name=\"description\" content=\"\u00c9tudes de cas par conditions | Chirurgien orthop\u00e9diste \u00e0 Montr\u00e9al, allongement cosm\u00e9tique de la taille, correction des d\u00e9formations osseuses, Canada, \u00c9tats-Unis\" \/>\n<meta name=\"robots\" content=\"index, follow, max-snippet:-1, max-image-preview:large, max-video-preview:-1\" \/>\n<link rel=\"canonical\" href=\"https:\/\/cllcenter.com\/fr\/etudes-de-cas-par-conditions\/\" \/>\n<meta property=\"og:locale\" content=\"fr_FR\" \/>\n<meta property=\"og:type\" content=\"article\" \/>\n<meta property=\"og:title\" content=\"\u00c9tudes de cas par conditions | CLLC Montr\u00e9al, Dre Marie Gdalevitch\" \/>\n<meta property=\"og:description\" content=\"\u00c9tudes de cas par conditions | Chirurgien orthop\u00e9diste \u00e0 Montr\u00e9al, allongement cosm\u00e9tique de la taille, correction des d\u00e9formations osseuses, Canada, \u00c9tats-Unis\" \/>\n<meta property=\"og:url\" content=\"https:\/\/cllcenter.com\/fr\/etudes-de-cas-par-conditions\/\" \/>\n<meta property=\"og:site_name\" content=\"Canadian Limb Lengthening Center\" \/>\n<meta property=\"article:modified_time\" content=\"2023-02-02T16:00:34+00:00\" \/>\n<meta name=\"twitter:card\" content=\"summary_large_image\" \/>\n<meta name=\"twitter:label1\" content=\"Dur\u00e9e de lecture estim\u00e9e\" \/>\n\t<meta name=\"twitter:data1\" content=\"1 minute\" \/>\n<script type=\"application\/ld+json\" class=\"yoast-schema-graph\">{\"@context\":\"https:\/\/schema.org\",\"@graph\":[{\"@type\":\"WebPage\",\"@id\":\"https:\/\/cllcenter.com\/fr\/etudes-de-cas-par-conditions\/\",\"url\":\"https:\/\/cllcenter.com\/fr\/etudes-de-cas-par-conditions\/\",\"name\":\"\u00c9tudes de cas par conditions | CLLC Montr\u00e9al, Dre Marie Gdalevitch\",\"isPartOf\":{\"@id\":\"https:\/\/cllcenter.com\/fr\/#website\"},\"datePublished\":\"2022-07-26T19:06:28+00:00\",\"dateModified\":\"2023-02-02T16:00:34+00:00\",\"description\":\"\u00c9tudes de cas par conditions | Chirurgien orthop\u00e9diste \u00e0 Montr\u00e9al, allongement cosm\u00e9tique de la taille, correction des d\u00e9formations osseuses, Canada, \u00c9tats-Unis\",\"breadcrumb\":{\"@id\":\"https:\/\/cllcenter.com\/fr\/etudes-de-cas-par-conditions\/#breadcrumb\"},\"inLanguage\":\"fr-FR\",\"potentialAction\":[{\"@type\":\"ReadAction\",\"target\":[\"https:\/\/cllcenter.com\/fr\/etudes-de-cas-par-conditions\/\"]}]},{\"@type\":\"BreadcrumbList\",\"@id\":\"https:\/\/cllcenter.com\/fr\/etudes-de-cas-par-conditions\/#breadcrumb\",\"itemListElement\":[{\"@type\":\"ListItem\",\"position\":1,\"name\":\"Home\",\"item\":\"https:\/\/cllcenter.com\/fr\/\"},{\"@type\":\"ListItem\",\"position\":2,\"name\":\"\u00c9tudes de cas par conditions\"}]},{\"@type\":\"WebSite\",\"@id\":\"https:\/\/cllcenter.com\/fr\/#website\",\"url\":\"https:\/\/cllcenter.com\/fr\/\",\"name\":\"Canadian Limb Lengthening Center\",\"description\":\"Dr Marie Gdalevitch\",\"publisher\":{\"@id\":\"https:\/\/cllcenter.com\/fr\/#organization\"},\"potentialAction\":[{\"@type\":\"SearchAction\",\"target\":{\"@type\":\"EntryPoint\",\"urlTemplate\":\"https:\/\/cllcenter.com\/fr\/?s={search_term_string}\"},\"query-input\":{\"@type\":\"PropertyValueSpecification\",\"valueRequired\":true,\"valueName\":\"search_term_string\"}}],\"inLanguage\":\"fr-FR\"},{\"@type\":\"Organization\",\"@id\":\"https:\/\/cllcenter.com\/fr\/#organization\",\"name\":\"Canadian Limb Lengthening Center\",\"url\":\"https:\/\/cllcenter.com\/fr\/\",\"logo\":{\"@type\":\"ImageObject\",\"inLanguage\":\"fr-FR\",\"@id\":\"https:\/\/cllcenter.com\/fr\/#\/schema\/logo\/image\/\",\"url\":\"https:\/\/cllcenter.com\/wp-content\/uploads\/2022\/05\/cllc.png\",\"contentUrl\":\"https:\/\/cllcenter.com\/wp-content\/uploads\/2022\/05\/cllc.png\",\"width\":600,\"height\":219,\"caption\":\"Canadian Limb Lengthening Center\"},\"image\":{\"@id\":\"https:\/\/cllcenter.com\/fr\/#\/schema\/logo\/image\/\"}}]}<\/script>\n<!-- \/ Yoast SEO plugin. -->","yoast_head_json":{"title":"\u00c9tudes de cas par conditions | CLLC Montr\u00e9al, Dre Marie Gdalevitch","description":"\u00c9tudes de cas par conditions | Chirurgien orthop\u00e9diste \u00e0 Montr\u00e9al, allongement cosm\u00e9tique de la taille, correction des d\u00e9formations osseuses, Canada, \u00c9tats-Unis","robots":{"index":"index","follow":"follow","max-snippet":"max-snippet:-1","max-image-preview":"max-image-preview:large","max-video-preview":"max-video-preview:-1"},"canonical":"https:\/\/cllcenter.com\/fr\/etudes-de-cas-par-conditions\/","og_locale":"fr_FR","og_type":"article","og_title":"\u00c9tudes de cas par conditions | CLLC Montr\u00e9al, Dre Marie Gdalevitch","og_description":"\u00c9tudes de cas par conditions | Chirurgien orthop\u00e9diste \u00e0 Montr\u00e9al, allongement cosm\u00e9tique de la taille, correction des d\u00e9formations osseuses, Canada, \u00c9tats-Unis","og_url":"https:\/\/cllcenter.com\/fr\/etudes-de-cas-par-conditions\/","og_site_name":"Canadian Limb Lengthening Center","article_modified_time":"2023-02-02T16:00:34+00:00","twitter_card":"summary_large_image","twitter_misc":{"Dur\u00e9e de lecture estim\u00e9e":"1 minute"},"schema":{"@context":"https:\/\/schema.org","@graph":[{"@type":"WebPage","@id":"https:\/\/cllcenter.com\/fr\/etudes-de-cas-par-conditions\/","url":"https:\/\/cllcenter.com\/fr\/etudes-de-cas-par-conditions\/","name":"\u00c9tudes de cas par conditions | CLLC Montr\u00e9al, Dre Marie Gdalevitch","isPartOf":{"@id":"https:\/\/cllcenter.com\/fr\/#website"},"datePublished":"2022-07-26T19:06:28+00:00","dateModified":"2023-02-02T16:00:34+00:00","description":"\u00c9tudes de cas par conditions | Chirurgien orthop\u00e9diste \u00e0 Montr\u00e9al, allongement cosm\u00e9tique de la taille, correction des d\u00e9formations osseuses, Canada, \u00c9tats-Unis","breadcrumb":{"@id":"https:\/\/cllcenter.com\/fr\/etudes-de-cas-par-conditions\/#breadcrumb"},"inLanguage":"fr-FR","potentialAction":[{"@type":"ReadAction","target":["https:\/\/cllcenter.com\/fr\/etudes-de-cas-par-conditions\/"]}]},{"@type":"BreadcrumbList","@id":"https:\/\/cllcenter.com\/fr\/etudes-de-cas-par-conditions\/#breadcrumb","itemListElement":[{"@type":"ListItem","position":1,"name":"Home","item":"https:\/\/cllcenter.com\/fr\/"},{"@type":"ListItem","position":2,"name":"\u00c9tudes de cas par conditions"}]},{"@type":"WebSite","@id":"https:\/\/cllcenter.com\/fr\/#website","url":"https:\/\/cllcenter.com\/fr\/","name":"Canadian Limb Lengthening Center","description":"Dr Marie Gdalevitch","publisher":{"@id":"https:\/\/cllcenter.com\/fr\/#organization"},"potentialAction":[{"@type":"SearchAction","target":{"@type":"EntryPoint","urlTemplate":"https:\/\/cllcenter.com\/fr\/?s={search_term_string}"},"query-input":{"@type":"PropertyValueSpecification","valueRequired":true,"valueName":"search_term_string"}}],"inLanguage":"fr-FR"},{"@type":"Organization","@id":"https:\/\/cllcenter.com\/fr\/#organization","name":"Canadian Limb Lengthening Center","url":"https:\/\/cllcenter.com\/fr\/","logo":{"@type":"ImageObject","inLanguage":"fr-FR","@id":"https:\/\/cllcenter.com\/fr\/#\/schema\/logo\/image\/","url":"https:\/\/cllcenter.com\/wp-content\/uploads\/2022\/05\/cllc.png","contentUrl":"https:\/\/cllcenter.com\/wp-content\/uploads\/2022\/05\/cllc.png","width":600,"height":219,"caption":"Canadian Limb Lengthening Center"},"image":{"@id":"https:\/\/cllcenter.com\/fr\/#\/schema\/logo\/image\/"}}]}},"acf":[],"_links":{"self":[{"href":"https:\/\/cllcenter.com\/fr\/wp-json\/wp\/v2\/pages\/4191","targetHints":{"allow":["GET"]}}],"collection":[{"href":"https:\/\/cllcenter.com\/fr\/wp-json\/wp\/v2\/pages"}],"about":[{"href":"https:\/\/cllcenter.com\/fr\/wp-json\/wp\/v2\/types\/page"}],"author":[{"embeddable":true,"href":"https:\/\/cllcenter.com\/fr\/wp-json\/wp\/v2\/users\/1"}],"replies":[{"embeddable":true,"href":"https:\/\/cllcenter.com\/fr\/wp-json\/wp\/v2\/comments?post=4191"}],"version-history":[{"count":3,"href":"https:\/\/cllcenter.com\/fr\/wp-json\/wp\/v2\/pages\/4191\/revisions"}],"predecessor-version":[{"id":5179,"href":"https:\/\/cllcenter.com\/fr\/wp-json\/wp\/v2\/pages\/4191\/revisions\/5179"}],"wp:attachment":[{"href":"https:\/\/cllcenter.com\/fr\/wp-json\/wp\/v2\/media?parent=4191"}],"curies":[{"name":"wp","href":"https:\/\/api.w.org\/{rel}","templated":true}]}}